{"id":773,"date":"2021-04-19T19:58:21","date_gmt":"2021-04-19T22:58:21","guid":{"rendered":"https:\/\/personaljerarquico.com.ar\/?page_id=773"},"modified":"2021-04-27T08:19:25","modified_gmt":"2021-04-27T11:19:25","slug":"home-2","status":"publish","type":"page","link":"https:\/\/personaljerarquico.com.ar\/index.php\/home-2\/","title":{"rendered":"\u00a0Inicio"},"content":{"rendered":"<div  class=\"wp-block-ultimate-post-post-grid-1 ultp-block-ed9c0d\"><div class=\"ultp-block-wrapper\"><div class=\"ultp-loading\"><div class=\"ultp-loading-blocks\" style=\"width:100%;height:100%;\"><div style=\"left: 0;top: 0;animation-delay:0s;\"><\/div><div style=\"left: 21px;top: 0;animation-delay:0.125s;\"><\/div><div style=\"left: 42px;top: 0;animation-delay:0.25s;\"><\/div><div style=\"left: 0;top: 21px;animation-delay:0.875s;\"><\/div><div style=\"left: 42px;top: 21px;animation-delay:0.375s;\"><\/div><div style=\"left: 0;top: 42px;animation-delay:0.75s;\"><\/div><div style=\"left: 42px;top: 42px;animation-delay:0.625s;\"><\/div><div style=\"left: 21px;top: 42px;animation-delay:0.5s;\"><\/div><\/div><\/div><div class=\"ultp-heading-filter\"><div class=\"ultp-heading-filter-in\"><div class=\"ultp-heading-wrap ultp-heading-style1 ultp-heading-left\"><h2 class=\"ultp-heading-inner\"><span>M\u00e1s Le\u00eddas<\/span><\/h2><div class=\"ultp-sub-heading\"><div class=\"ultp-sub-heading-inner\"><\/div><\/div><\/div><\/div><\/div><div class=\"ultp-block-items-wrap ultp-block-row ultp-pg1a-style1 ultp-block-column-4 ultp-layout1\"><div class=\"ultp-block-item post-id-2053\"><div class=\"ultp-block-content-wrap\"><div class=\"ultp-block-image ultp-block-image-opacity\"><a href=\"https:\/\/personaljerarquico.com.ar\/index.php\/2024\/06\/12\/ampliacion-de-sede-el-corcovo\/\" ><img  alt=\"Ampliaci\u00f3n De Sede El Corcovo\"  src=\"https:\/\/personaljerarquico.com.ar\/wp-content\/uploads\/2023\/07\/362274098_629892852538491_2409765417718796521_n-600x600.jpg\" \/><\/a><div class=\"ultp-category-img-grid\"><div class=\"ultp-category-grid ultp-category-classic ultp-category-topLeft\"><div class=\"ultp-category-in\"><a class=\"ultp-cat-laborsindical\" href=\"https:\/\/personaljerarquico.com.ar\/index.php\/category\/laborsindical\/\"  >Labor sindical<\/a><\/div><\/div><\/div><\/div><div class=\"ultp-block-content\"><h3 class=\"ultp-block-title \"><a href=\"https:\/\/personaljerarquico.com.ar\/index.php\/2024\/06\/12\/ampliacion-de-sede-el-corcovo\/\" >Ampliaci\u00f3n De Sede El Corcovo<\/a><\/h3><div class=\"ultp-block-excerpt\"><p>Se traslada el material sobrante de la obra en Malarg\u00fce para iniciar el cierre perimetral&hellip;<\/p>\n<\/div><div class=\"ultp-block-readmore\"><a href=\"https:\/\/personaljerarquico.com.ar\/index.php\/2024\/06\/12\/ampliacion-de-sede-el-corcovo\/\" >Leer m\u00e1s<svg  enable-background=\"new 0 0 53.76 53.76\" version=\"1.1\" viewBox=\"0 0 53.76 53.76\"><g transform=\"matrix(-1 3.6739e-16 -3.6739e-16 -1 53.76 53.76)\"><path class=\"active-path\" d=\"M44.574,53.76L9.186,26.88L44.574,0V53.76z M13.044,26.88l29.194,22.172V4.709L13.044,26.88z\" data-original=\"#000000\"\/><\/g> <\/svg><\/a><\/div><\/div><\/div><\/div><div class=\"ultp-block-item post-id-2050\"><div class=\"ultp-block-content-wrap\"><div class=\"ultp-block-image ultp-block-image-opacity\"><a href=\"https:\/\/personaljerarquico.com.ar\/index.php\/2024\/06\/12\/feliz-dia-de-la-patria-2\/\" ><img  alt=\"\u00a1Feliz D\u00eda De La Patria!\"  src=\"https:\/\/personaljerarquico.com.ar\/wp-content\/uploads\/2024\/06\/442494003_18003883295547517_7634413845486823767_n-512x600.jpg\" \/><\/a><div class=\"ultp-category-img-grid\"><div class=\"ultp-category-grid ultp-category-classic ultp-category-topLeft\"><div class=\"ultp-category-in\"><a class=\"ultp-cat-laborsindical\" href=\"https:\/\/personaljerarquico.com.ar\/index.php\/category\/laborsindical\/\"  >Labor sindical<\/a><\/div><\/div><\/div><\/div><div class=\"ultp-block-content\"><h3 class=\"ultp-block-title \"><a href=\"https:\/\/personaljerarquico.com.ar\/index.php\/2024\/06\/12\/feliz-dia-de-la-patria-2\/\" >\u00a1Feliz D\u00eda De La Patria!<\/a><\/h3><div class=\"ultp-block-excerpt\"><\/div><div class=\"ultp-block-readmore\"><a href=\"https:\/\/personaljerarquico.com.ar\/index.php\/2024\/06\/12\/feliz-dia-de-la-patria-2\/\" >Leer m\u00e1s<svg  enable-background=\"new 0 0 53.76 53.76\" version=\"1.1\" viewBox=\"0 0 53.76 53.76\"><g transform=\"matrix(-1 3.6739e-16 -3.6739e-16 -1 53.76 53.76)\"><path class=\"active-path\" d=\"M44.574,53.76L9.186,26.88L44.574,0V53.76z M13.044,26.88l29.194,22.172V4.709L13.044,26.88z\" data-original=\"#000000\"\/><\/g> <\/svg><\/a><\/div><\/div><\/div><\/div><div class=\"ultp-block-item post-id-2047\"><div class=\"ultp-block-content-wrap\"><div class=\"ultp-block-image ultp-block-image-opacity\"><a href=\"https:\/\/personaljerarquico.com.ar\/index.php\/2024\/06\/12\/feliz-dia-del-trabajador-2\/\" ><img  alt=\"Feliz D\u00eda Del Trabajador\"  src=\"https:\/\/personaljerarquico.com.ar\/wp-content\/uploads\/2024\/06\/440347643_18001224980547517_1077578239949134827_n-512x600.jpg\" \/><\/a><div class=\"ultp-category-img-grid\"><div class=\"ultp-category-grid ultp-category-classic ultp-category-topLeft\"><div class=\"ultp-category-in\"><a class=\"ultp-cat-laborsindical\" href=\"https:\/\/personaljerarquico.com.ar\/index.php\/category\/laborsindical\/\"  >Labor sindical<\/a><\/div><\/div><\/div><\/div><div class=\"ultp-block-content\"><h3 class=\"ultp-block-title \"><a href=\"https:\/\/personaljerarquico.com.ar\/index.php\/2024\/06\/12\/feliz-dia-del-trabajador-2\/\" >Feliz D\u00eda Del Trabajador<\/a><\/h3><div class=\"ultp-block-excerpt\"><\/div><div class=\"ultp-block-readmore\"><a href=\"https:\/\/personaljerarquico.com.ar\/index.php\/2024\/06\/12\/feliz-dia-del-trabajador-2\/\" >Leer m\u00e1s<svg  enable-background=\"new 0 0 53.76 53.76\" version=\"1.1\" viewBox=\"0 0 53.76 53.76\"><g transform=\"matrix(-1 3.6739e-16 -3.6739e-16 -1 53.76 53.76)\"><path class=\"active-path\" d=\"M44.574,53.76L9.186,26.88L44.574,0V53.76z M13.044,26.88l29.194,22.172V4.709L13.044,26.88z\" data-original=\"#000000\"\/><\/g> <\/svg><\/a><\/div><\/div><\/div><\/div><div class=\"ultp-block-item post-id-2041\"><div class=\"ultp-block-content-wrap\"><div class=\"ultp-block-image ultp-block-image-opacity\"><a href=\"https:\/\/personaljerarquico.com.ar\/index.php\/2024\/06\/12\/sindicato-de-petroleros-presente-en-el-yacimiento\/\" ><img  alt=\"Sindicato De Petroleros Presente En El Yacimiento\"  src=\"https:\/\/personaljerarquico.com.ar\/wp-content\/uploads\/2024\/06\/440332312_18001001306547517_8666904794284279556_n.jpg\" \/><\/a><div class=\"ultp-category-img-grid\"><div class=\"ultp-category-grid ultp-category-classic ultp-category-topLeft\"><div class=\"ultp-category-in\"><a class=\"ultp-cat-laborsindical\" href=\"https:\/\/personaljerarquico.com.ar\/index.php\/category\/laborsindical\/\"  >Labor sindical<\/a><\/div><\/div><\/div><\/div><div class=\"ultp-block-content\"><h3 class=\"ultp-block-title \"><a href=\"https:\/\/personaljerarquico.com.ar\/index.php\/2024\/06\/12\/sindicato-de-petroleros-presente-en-el-yacimiento\/\" >Sindicato De Petroleros Presente En El Yacimiento<\/a><\/h3><div class=\"ultp-block-excerpt\"><p>Les informamos que la semana pasada miembros de la Comisi\u00f3n Directiva de nuestro sindicato visitaron&hellip;<\/p>\n<\/div><div class=\"ultp-block-readmore\"><a href=\"https:\/\/personaljerarquico.com.ar\/index.php\/2024\/06\/12\/sindicato-de-petroleros-presente-en-el-yacimiento\/\" >Leer m\u00e1s<svg  enable-background=\"new 0 0 53.76 53.76\" version=\"1.1\" viewBox=\"0 0 53.76 53.76\"><g transform=\"matrix(-1 3.6739e-16 -3.6739e-16 -1 53.76 53.76)\"><path class=\"active-path\" d=\"M44.574,53.76L9.186,26.88L44.574,0V53.76z M13.044,26.88l29.194,22.172V4.709L13.044,26.88z\" data-original=\"#000000\"\/><\/g> <\/svg><\/a><\/div><\/div><\/div><\/div><div class=\"ultp-block-item post-id-2036\"><div class=\"ultp-block-content-wrap\"><div class=\"ultp-block-image ultp-block-image-opacity\"><a href=\"https:\/\/personaljerarquico.com.ar\/index.php\/2024\/04\/24\/incremento-salarial\/\" ><img  alt=\"Incremento Salarial\"  src=\"https:\/\/personaljerarquico.com.ar\/wp-content\/uploads\/2024\/04\/436568880_17999859836547517_7423718147833942222_n-600x600.jpg\" \/><\/a><div class=\"ultp-category-img-grid\"><div class=\"ultp-category-grid ultp-category-classic ultp-category-topLeft\"><div class=\"ultp-category-in\"><a class=\"ultp-cat-laborsindical\" href=\"https:\/\/personaljerarquico.com.ar\/index.php\/category\/laborsindical\/\"  >Labor sindical<\/a><\/div><\/div><\/div><\/div><div class=\"ultp-block-content\"><h3 class=\"ultp-block-title \"><a href=\"https:\/\/personaljerarquico.com.ar\/index.php\/2024\/04\/24\/incremento-salarial\/\" >Incremento Salarial<\/a><\/h3><div class=\"ultp-block-excerpt\"><p>Miembros de la Comisi\u00f3n Directiva se encuentran en Buenos Aires, encabezado por el Secretario General&hellip;<\/p>\n<\/div><div class=\"ultp-block-readmore\"><a href=\"https:\/\/personaljerarquico.com.ar\/index.php\/2024\/04\/24\/incremento-salarial\/\" >Leer m\u00e1s<svg  enable-background=\"new 0 0 53.76 53.76\" version=\"1.1\" viewBox=\"0 0 53.76 53.76\"><g transform=\"matrix(-1 3.6739e-16 -3.6739e-16 -1 53.76 53.76)\"><path class=\"active-path\" d=\"M44.574,53.76L9.186,26.88L44.574,0V53.76z M13.044,26.88l29.194,22.172V4.709L13.044,26.88z\" data-original=\"#000000\"\/><\/g> <\/svg><\/a><\/div><\/div><\/div><\/div><div class=\"ultp-block-item post-id-2033\"><div class=\"ultp-block-content-wrap\"><div class=\"ultp-block-image ultp-block-image-opacity\"><a href=\"https:\/\/personaljerarquico.com.ar\/index.php\/2024\/04\/24\/felices-pascuas-2\/\" ><img  alt=\"Felices Pascuas!\"  src=\"https:\/\/personaljerarquico.com.ar\/wp-content\/uploads\/2024\/04\/434358904_17997895109547517_1331750079944267757_n-1-600x600.jpg\" \/><\/a><div class=\"ultp-category-img-grid\"><div class=\"ultp-category-grid ultp-category-classic ultp-category-topLeft\"><div class=\"ultp-category-in\"><a class=\"ultp-cat-laborsindical\" href=\"https:\/\/personaljerarquico.com.ar\/index.php\/category\/laborsindical\/\"  >Labor sindical<\/a><\/div><\/div><\/div><\/div><div class=\"ultp-block-content\"><h3 class=\"ultp-block-title \"><a href=\"https:\/\/personaljerarquico.com.ar\/index.php\/2024\/04\/24\/felices-pascuas-2\/\" >Felices Pascuas!<\/a><\/h3><div class=\"ultp-block-excerpt\"><\/div><div class=\"ultp-block-readmore\"><a href=\"https:\/\/personaljerarquico.com.ar\/index.php\/2024\/04\/24\/felices-pascuas-2\/\" >Leer m\u00e1s<svg  enable-background=\"new 0 0 53.76 53.76\" version=\"1.1\" viewBox=\"0 0 53.76 53.76\"><g transform=\"matrix(-1 3.6739e-16 -3.6739e-16 -1 53.76 53.76)\"><path class=\"active-path\" d=\"M44.574,53.76L9.186,26.88L44.574,0V53.76z M13.044,26.88l29.194,22.172V4.709L13.044,26.88z\" data-original=\"#000000\"\/><\/g> <\/svg><\/a><\/div><\/div><\/div><\/div><div class=\"ultp-block-item post-id-2030\"><div class=\"ultp-block-content-wrap\"><div class=\"ultp-block-image ultp-block-image-opacity\"><a href=\"https:\/\/personaljerarquico.com.ar\/index.php\/2024\/04\/24\/feliz-dia-de-la-mujer-2\/\" ><img  alt=\"\u00a1Feliz d\u00eda de la Mujer!\"  src=\"https:\/\/personaljerarquico.com.ar\/wp-content\/uploads\/2024\/04\/429907938_17995393934547517_1031057798285115013_n-600x600.jpg\" \/><\/a><div class=\"ultp-category-img-grid\"><div class=\"ultp-category-grid ultp-category-classic ultp-category-topLeft\"><div class=\"ultp-category-in\"><a class=\"ultp-cat-laborsindical\" href=\"https:\/\/personaljerarquico.com.ar\/index.php\/category\/laborsindical\/\"  >Labor sindical<\/a><\/div><\/div><\/div><\/div><div class=\"ultp-block-content\"><h3 class=\"ultp-block-title \"><a href=\"https:\/\/personaljerarquico.com.ar\/index.php\/2024\/04\/24\/feliz-dia-de-la-mujer-2\/\" >\u00a1Feliz d\u00eda de la Mujer!<\/a><\/h3><div class=\"ultp-block-excerpt\"><\/div><div class=\"ultp-block-readmore\"><a href=\"https:\/\/personaljerarquico.com.ar\/index.php\/2024\/04\/24\/feliz-dia-de-la-mujer-2\/\" >Leer m\u00e1s<svg  enable-background=\"new 0 0 53.76 53.76\" version=\"1.1\" viewBox=\"0 0 53.76 53.76\"><g transform=\"matrix(-1 3.6739e-16 -3.6739e-16 -1 53.76 53.76)\"><path class=\"active-path\" d=\"M44.574,53.76L9.186,26.88L44.574,0V53.76z M13.044,26.88l29.194,22.172V4.709L13.044,26.88z\" data-original=\"#000000\"\/><\/g> <\/svg><\/a><\/div><\/div><\/div><\/div><div class=\"ultp-block-item post-id-2024\"><div class=\"ultp-block-content-wrap\"><div class=\"ultp-block-image ultp-block-image-opacity\"><a href=\"https:\/\/personaljerarquico.com.ar\/index.php\/2024\/03\/04\/asamblea-informativa-2\/\" ><img  alt=\"Asamblea Informativa\"  src=\"https:\/\/personaljerarquico.com.ar\/wp-content\/uploads\/2024\/03\/429686267_17994540731547517_319055260697417153_n-600x600.jpg\" \/><\/a><div class=\"ultp-category-img-grid\"><div class=\"ultp-category-grid ultp-category-classic ultp-category-topLeft\"><div class=\"ultp-category-in\"><a class=\"ultp-cat-laborsindical\" href=\"https:\/\/personaljerarquico.com.ar\/index.php\/category\/laborsindical\/\"  >Labor sindical<\/a><\/div><\/div><\/div><\/div><div class=\"ultp-block-content\"><h3 class=\"ultp-block-title \"><a href=\"https:\/\/personaljerarquico.com.ar\/index.php\/2024\/03\/04\/asamblea-informativa-2\/\" >Asamblea Informativa<\/a><\/h3><div class=\"ultp-block-excerpt\"><p>En el d\u00eda de ayer se realiz\u00f3 una asamblea informativa en el Play\u00f3n Belgrano del&hellip;<\/p>\n<\/div><div class=\"ultp-block-readmore\"><a href=\"https:\/\/personaljerarquico.com.ar\/index.php\/2024\/03\/04\/asamblea-informativa-2\/\" >Leer m\u00e1s<svg  enable-background=\"new 0 0 53.76 53.76\" version=\"1.1\" viewBox=\"0 0 53.76 53.76\"><g transform=\"matrix(-1 3.6739e-16 -3.6739e-16 -1 53.76 53.76)\"><path class=\"active-path\" d=\"M44.574,53.76L9.186,26.88L44.574,0V53.76z M13.044,26.88l29.194,22.172V4.709L13.044,26.88z\" data-original=\"#000000\"\/><\/g> <\/svg><\/a><\/div><\/div><\/div><\/div><\/div><\/div><\/div>\n\n<div  class=\"wp-block-ultimate-post-post-grid-1 ultp-block-defc2f\"><div class=\"ultp-block-wrapper\"><div class=\"ultp-loading\"><div class=\"ultp-loading-blocks\" style=\"width:100%;height:100%;\"><div style=\"left: 0;top: 0;animation-delay:0s;\"><\/div><div style=\"left: 21px;top: 0;animation-delay:0.125s;\"><\/div><div style=\"left: 42px;top: 0;animation-delay:0.25s;\"><\/div><div style=\"left: 0;top: 21px;animation-delay:0.875s;\"><\/div><div style=\"left: 42px;top: 21px;animation-delay:0.375s;\"><\/div><div style=\"left: 0;top: 42px;animation-delay:0.75s;\"><\/div><div style=\"left: 42px;top: 42px;animation-delay:0.625s;\"><\/div><div style=\"left: 21px;top: 42px;animation-delay:0.5s;\"><\/div><\/div><\/div><div class=\"ultp-heading-filter\"><div class=\"ultp-heading-filter-in\"><div class=\"ultp-heading-wrap ultp-heading-style1 ultp-heading-left\"><h2 class=\"ultp-heading-inner\"><span>novedades<\/span><\/h2><div class=\"ultp-sub-heading\"><div class=\"ultp-sub-heading-inner\"><\/div><\/div><\/div><div class=\"ultp-filter-navigation\"><\/div><\/div><\/div><div class=\"ultp-block-items-wrap ultp-block-row ultp-pg1a-style1 ultp-block-column-4 ultp-layout1\"><div class=\"ultp-block-item post-id-1146\"><div class=\"ultp-block-content-wrap\"><div class=\"ultp-block-content\"><h3 class=\"ultp-block-title \"><a href=\"https:\/\/personaljerarquico.com.ar\/index.php\/2021\/06\/11\/paneles-solares-como-fuente-de-energia-inagotable\/\" >PANELES SOLARES COMO FUENTE DE ENERG\u00cdA INAGOTABLE<\/a><\/h3><div class=\"ultp-block-excerpt\"><p>Paneles solares: como fuente de energ\u00eda el\u00e9ctrica. Nuestra mutual, consistente con el objetivo institucional propuesto,&hellip;<\/p>\n<\/div><\/div><\/div><\/div><\/div><div class=\"ultp-pagination-wrap ultp-pagination-ajax-action\" data-paged=\"1\" data-blockid=\"defc2f\" data-postid=\"773\" data-pages=\"1\" data-blockname=\"ultimate-post_post-grid-1\" ><\/div><\/div><\/div>\n\n\n<div class=\"blockspare-block-progress-bar blockspare-block-interaction blockspare-block-17faf7\"><\/div>\n\n\n\n<div class=\"wp-container-3 wp-block-columns\">\n<div class=\"wp-container-1 wp-block-column\" style=\"flex-basis:70%\">\n<h3 class=\"alignfull has-text-align-center\">Mant\u00e9ngase informado susbribi\u00e9ndose a nuestro NEWSLETTER<\/h3>\n\n\n<p><div class=\"tnp tnp-subscription\">\n<form method=\"post\" action=\"https:\/\/personaljerarquico.com.ar\/?na=s\">\n\n<input type=\"hidden\" name=\"nr\" value=\"page\"><input type=\"hidden\" name=\"nlang\" value=\"\"><div class=\"tnp-field tnp-field-firstname\"><label for=\"tnp-1\">Apellido y nombre<\/label>\n<input class=\"tnp-name\" type=\"text\" name=\"nn\" id=\"tnp-1\" value=\"\"><\/div>\n<div class=\"tnp-field tnp-field-email\"><label for=\"tnp-2\">Email<\/label>\n<input class=\"tnp-email\" type=\"email\" name=\"ne\" id=\"tnp-2\" value=\"\" required><\/div>\n<div class=\"tnp-field tnp-field-button\"><input class=\"tnp-submit\" type=\"submit\" value=\"Subscribirse al Newsletter\" >\n<\/div>\n<\/form>\n<\/div>\n<\/p>\n\n\n\n<div class=\"blockspare-block-accordion blockspare-block blockspare-block-fbf54e\" data-item-toggle=\"true\"><\/div>\n<\/div>\n\n\n\n<div class=\"wp-container-2 wp-block-column\" style=\"flex-basis:30%\"><div  class=\"wp-block-ultimate-post-image ultp-block-f908a5\"><div class=\"ultp-block-wrapper\"><figure class=\"ultp-image-block-wrapper\"><div class=\"ultp-image-block ultp-image-block-none\"><a href=\"https:\/\/www.wpxpo.com\/gutenberg-post-blocks\/\" target=\"_blank\"><img  class=\"ultp-image\"  alt=\"Image\"  src=\"https:\/\/personaljerarquico.com.ar\/wp-content\/uploads\/2021\/03\/cropped-cropped-cropped-LOGO_VECTORIZADO_sindicato_jerarquico.png\" \/><\/a><\/div><\/figure><\/div><\/div>\n\n\n<div style=\"height:70px\" aria-hidden=\"true\" class=\"wp-block-spacer\"><\/div>\n<\/div>\n<\/div>\n\n\n\n<h2 class=\"has-large-font-size\" id=\"sedes\">Sedes<\/h2>\n\n\n\n<div class=\"wp-container-8 wp-block-columns\">\n<div class=\"wp-container-4 wp-block-column\" style=\"flex-basis:25%\">\n<figure class=\"wp-block-image size-large\"><a href=\"https:\/\/personaljerarquico.com.ar\/index.php\/gallery\/mendoza-1\/\"><img loading=\"lazy\" width=\"600\" height=\"400\" src=\"https:\/\/personaljerarquico.com.ar\/wp-content\/uploads\/2021\/04\/sedemza.jpg\" alt=\"\" class=\"wp-image-844\"\/><\/a><\/figure>\n<\/div>\n\n\n\n<div class=\"wp-container-5 wp-block-column\" style=\"flex-basis:25%\">\n<figure class=\"wp-block-image size-large\"><a href=\"https:\/\/personaljerarquico.com.ar\/index.php\/gallery\/maipu\/\"><img loading=\"lazy\" width=\"600\" height=\"400\" src=\"https:\/\/personaljerarquico.com.ar\/wp-content\/uploads\/2021\/04\/sedemaipu.jpg\" alt=\"\" class=\"wp-image-842\"\/><\/a><\/figure>\n<\/div>\n\n\n\n<div class=\"wp-container-6 wp-block-column\" style=\"flex-basis:25%\">\n<figure class=\"wp-block-image size-large\"><a href=\"https:\/\/personaljerarquico.com.ar\/index.php\/gallery\/malargue\/\"><img loading=\"lazy\" width=\"600\" height=\"400\" src=\"https:\/\/personaljerarquico.com.ar\/wp-content\/uploads\/2021\/04\/sedemalargue.jpg\" alt=\"\" class=\"wp-image-843\"\/><\/a><\/figure>\n<\/div>\n\n\n\n<div class=\"wp-container-7 wp-block-column\" style=\"flex-basis:25%\">\n<figure class=\"wp-block-image size-large\"><a href=\"https:\/\/personaljerarquico.com.ar\/index.php\/gallery\/corcovo\/\"><img loading=\"lazy\" width=\"600\" height=\"400\" src=\"https:\/\/personaljerarquico.com.ar\/wp-content\/uploads\/2021\/04\/sedecorcovo.jpg\" alt=\"\" class=\"wp-image-841\"\/><\/a><\/figure>\n<\/div>\n<\/div>\n","protected":false},"excerpt":{"rendered":"<p>Mant\u00e9ngase informado susbribi\u00e9ndose a nuestro NEWSLETTER Sedes<\/p>\n","protected":false},"author":1,"featured_media":0,"parent":0,"menu_order":0,"comment_status":"closed","ping_status":"closed","template":"template\/fullwidth.php","meta":{"_monsterinsights_skip_tracking":false,"_monsterinsights_sitenote_active":false,"_monsterinsights_sitenote_note":"","_monsterinsights_sitenote_category":0},"_links":{"self":[{"href":"https:\/\/personaljerarquico.com.ar\/index.php\/wp-json\/wp\/v2\/pages\/773"}],"collection":[{"href":"https:\/\/personaljerarquico.com.ar\/index.php\/wp-json\/wp\/v2\/pages"}],"about":[{"href":"https:\/\/personaljerarquico.com.ar\/index.php\/wp-json\/wp\/v2\/types\/page"}],"author":[{"embeddable":true,"href":"https:\/\/personaljerarquico.com.ar\/index.php\/wp-json\/wp\/v2\/users\/1"}],"replies":[{"embeddable":true,"href":"https:\/\/personaljerarquico.com.ar\/index.php\/wp-json\/wp\/v2\/comments?post=773"}],"version-history":[{"count":24,"href":"https:\/\/personaljerarquico.com.ar\/index.php\/wp-json\/wp\/v2\/pages\/773\/revisions"}],"predecessor-version":[{"id":907,"href":"https:\/\/personaljerarquico.com.ar\/index.php\/wp-json\/wp\/v2\/pages\/773\/revisions\/907"}],"wp:attachment":[{"href":"https:\/\/personaljerarquico.com.ar\/index.php\/wp-json\/wp\/v2\/media?parent=773"}],"curies":[{"name":"wp","href":"https:\/\/api.w.org\/{rel}","templated":true}]}}